{"id":18238,"date":"2025-07-14T10:12:00","date_gmt":"2025-07-14T08:12:00","guid":{"rendered":"https:\/\/teczone.es\/producto\/placa-policarbonato\/"},"modified":"2025-09-05T13:59:51","modified_gmt":"2025-09-05T11:59:51","slug":"plaque-en-polycarbonate","status":"publish","type":"producto","link":"https:\/\/teczone.es\/fr\/produit\/plaque-en-polycarbonate\/","title":{"rendered":"Plaque en Polycarbonate"},"content":{"rendered":"\n<p><\/p>\n\n\n\n<div class=\"wp-block-columns are-vertically-aligned-center is-layout-flex wp-container-core-columns-is-layout-9d6595d7 wp-block-columns-is-layout-flex\">\n<div class=\"wp-block-column is-vertically-aligned-center is-layout-flow wp-block-column-is-layout-flow\" style=\"flex-basis:66.66%\">\n<h2 class=\"wp-block-heading\">Description et Applications<\/h2>\n\n\n\n<p>Plaque translucide compos\u00e9e de polycarbonate<br>compact. Elle incorpore un film haute protection contre<br>les rayons UV, elle est dot\u00e9e d\u2019une grande r\u00e9sistance \u00e0<br>l\u2019impact et une durabilit\u00e9 elev\u00e9e. D\u00e9clin\u00e9e en transparent<br>et en blanc opale.<\/p>\n\n\n\n<p>\u00c9clairage naturel en bardages m\u00e9talliques de couverture<br>ou de fa\u00e7ade pour construction industrielle, commerciale<br>ou installations sportives.<\/p>\n\n\n\n<p><br>Plaques con\u00e7ues pour \u00eatre int\u00e9gr\u00e9es dans les bardages m\u00e9talliques r\u00e9alis\u00e9s avec la gamme de profil\u00e9s fabriqu\u00e9s<br>par Kingspan.<\/p>\n<\/div>\n\n\n\n<div class=\"wp-block-column is-vertically-aligned-center is-layout-flow wp-block-column-is-layout-flow\" style=\"flex-basis:33.33%\">\n<figure class=\"wp-block-image size-full\"><img loading=\"lazy\" decoding=\"async\" width=\"460\" height=\"320\" src=\"https:\/\/teczone.es\/wp-content\/uploads\/2025\/02\/placa-policarbonato.png\" alt=\"\" class=\"wp-image-16822\" srcset=\"https:\/\/teczone.es\/wp-content\/uploads\/2025\/02\/placa-policarbonato.png 460w, https:\/\/teczone.es\/wp-content\/uploads\/2025\/02\/placa-policarbonato-300x209.png 300w\" sizes=\"auto, (max-width: 460px) 100vw, 460px\" \/><\/figure>\n<\/div>\n<\/div>\n\n\n\n<div style=\"height:30px\" aria-hidden=\"true\" class=\"wp-block-spacer\"><\/div>\n\n\n\n<style>\n    .descargas-acordeon::after{content: '\\f078';\n    font: var(--fa-font-solid);\n    font-size: 22px;\n    width: 35px;\n    transition: 0.3s ease;\n    float:right}\n    \/*.list-descarga{display:none}*\/\n    .descargas-acordeon{cursor:pointer;}\n    .descargas-acordeon.active::after{transform: rotate(-90deg);}\n<\/style>\n\n<style>\n    .descargas-acordeon{padding:5px 5px 0 5px; background:#f3f3f3}\n\n<\/style>\n<div id=\"block-descargas-block_d11e593356e17028db9266f961fe3dbc\" class=\"block-descargas producto-descarga-interna\">\n           <h2 class=\"downloads descargas-acordeon\">T\u00e9l\u00e9chargements<\/h2>\n       \n        <div class=\"control\">\n            <div class=\" list-descarga \" >\n                                                        <div class=\"single-descarga\">\n                        <div class=\"left\">\n                            <div class=\"icon\">\n                                <i class=\"fa-regular fa-file\"><\/i>\n                            <\/div>\n                            <div class=\"texto\">\n                                <p class=\"title\">Fiche Technique Plaque en Polycarbonate TZ<\/p>\n                            <\/div>\n                        <\/div>\n                        <div class=\"right\">\n                            <p>\n                                <a class=\"button-arrow-orange\" target=\"_blank\" href=\"https:\/\/teczone.es\/wp-content\/uploads\/2025\/07\/Teczone-policarbonato-data-sheet-fr.pdf\">    <span class=\"texto\">T\u00e9l\u00e9charger\n<\/span>\n                                    <i class=\"fa-solid fa-arrow-right-long\"><\/i>    \n                                <\/a>\n                            <\/p>\n                        <\/div>\n                    <\/div>\n                                                        <div class=\"single-descarga\">\n                        <div class=\"left\">\n                            <div class=\"icon\">\n                                <i class=\"fa-regular fa-file\"><\/i>\n                            <\/div>\n                            <div class=\"texto\">\n                                <p class=\"title\">Notice d&rsquo;utilisation et installation \/ Plaque polycarbonate TZ<\/p>\n                            <\/div>\n                        <\/div>\n                        <div class=\"right\">\n                            <p>\n                                <a class=\"button-arrow-orange\" target=\"_blank\" href=\"https:\/\/teczone.es\/wp-content\/uploads\/2025\/07\/Teczone-policarbonato-installation-manual-fr.pdf\">    <span class=\"texto\">T\u00e9l\u00e9charger\n<\/span>\n                                    <i class=\"fa-solid fa-arrow-right-long\"><\/i>    \n                                <\/a>\n                            <\/p>\n                        <\/div>\n                    <\/div>\n                                                        <div class=\"single-descarga\">\n                        <div class=\"left\">\n                            <div class=\"icon\">\n                                <i class=\"fa-regular fa-file\"><\/i>\n                            <\/div>\n                            <div class=\"texto\">\n                                <p class=\"title\">D\u00e9claration de prestations &#8211; Placa Policarbonato<\/p>\n                            <\/div>\n                        <\/div>\n                        <div class=\"right\">\n                            <p>\n                                <a class=\"button-arrow-orange\" target=\"_blank\" href=\"https:\/\/teczone.es\/wp-content\/uploads\/2025\/09\/Teczone-placa-policarbonato-declaration-of-performance-fr.pdf\">    <span class=\"texto\">T\u00e9l\u00e9charger\n<\/span>\n                                    <i class=\"fa-solid fa-arrow-right-long\"><\/i>    \n                                <\/a>\n                            <\/p>\n                        <\/div>\n                    <\/div>\n                            <\/div>\n        <\/div>\n\n<\/div>\n<script>\n    \n    \n    jQuery(function($) {\n\t\t$(\".producto-descarga-interna .list-descarga\").hide();\n        $(\".producto-descarga-interna .descargas-acordeon\").click(function(){\n            $(\".producto-descarga-interna .list-descarga\").slideToggle(\"fast\");\n            $(\".producto-descarga-interna  .descargas-acordeon\").toggleClass(\"active\");\n        });\n    });\n\n\n<\/script>\n\n\n\n\n<div style=\"height:40px\" aria-hidden=\"true\" class=\"wp-block-spacer\"><\/div>\n\n\n\n<h2 class=\"wp-block-heading\">Gamme de plaques<\/h2>\n\n\n\n<figure class=\"wp-block-image size-full is-resized\"><img loading=\"lazy\" decoding=\"async\" width=\"974\" height=\"159\" src=\"https:\/\/teczone.es\/wp-content\/uploads\/2025\/07\/tabla-policarbonato-fr.png\" alt=\"\" class=\"wp-image-28426\" style=\"width:702px;height:auto\" srcset=\"https:\/\/teczone.es\/wp-content\/uploads\/2025\/07\/tabla-policarbonato-fr.png 974w, https:\/\/teczone.es\/wp-content\/uploads\/2025\/07\/tabla-policarbonato-fr-300x49.png 300w, https:\/\/teczone.es\/wp-content\/uploads\/2025\/07\/tabla-policarbonato-fr-768x125.png 768w\" sizes=\"auto, (max-width: 974px) 100vw, 974px\" \/><\/figure>\n\n\n\n<hr class=\"wp-block-separator has-alpha-channel-opacity\"\/>\n\n\n\n<p><\/p>\n","protected":false},"featured_media":16824,"parent":0,"template":"","meta":{"_acf_changed":false,"_oasis_is_in_workflow":0,"_oasis_original":0,"_oasis_task_priority":"2normal","_genesis_hide_title":false,"_genesis_hide_breadcrumbs":false,"_genesis_hide_singular_image":false,"_genesis_hide_footer_widgets":false,"_genesis_custom_body_class":"","_genesis_custom_post_class":"","_genesis_layout":"","footnotes":""},"categoria-producto":[294],"class_list":{"0":"post-18238","1":"producto","2":"type-producto","3":"status-publish","4":"has-post-thumbnail","6":"categoria-producto-eclairage-naturel","7":"entry"},"acf":[],"yoast_head":"<!-- This site is optimized with the Yoast SEO plugin v27.3 - https:\/\/yoast.com\/product\/yoast-seo-wordpress\/ -->\n<title>Plaque en Polycarbonate - Teczone<\/title>\n<meta name=\"robots\" content=\"index, follow, max-snippet:-1, max-image-preview:large, max-video-preview:-1\" \/>\n<link rel=\"canonical\" href=\"https:\/\/teczone.es\/fr\/produit\/plaque-en-polycarbonate\/\" \/>\n<meta property=\"og:locale\" content=\"fr_FR\" \/>\n<meta property=\"og:type\" content=\"article\" \/>\n<meta property=\"og:title\" content=\"Plaque en Polycarbonate - Teczone\" \/>\n<meta property=\"og:description\" content=\"Description et Applications Plaque translucide compos\u00e9e de polycarbonatecompact. Elle incorpore un film haute protection contreles rayons UV, elle est dot\u00e9e d\u2019une grande r\u00e9sistance \u00e0l\u2019impact et une durabilit\u00e9 elev\u00e9e. D\u00e9clin\u00e9e en transparentet en blanc opale. \u00c9clairage naturel en bardages m\u00e9talliques de couvertureou de fa\u00e7ade pour construction industrielle, commercialeou installations sportives. Plaques con\u00e7ues pour \u00eatre int\u00e9gr\u00e9es dans [&hellip;]\" \/>\n<meta property=\"og:url\" content=\"https:\/\/teczone.es\/fr\/produit\/plaque-en-polycarbonate\/\" \/>\n<meta property=\"og:site_name\" content=\"Teczone\" \/>\n<meta property=\"article:modified_time\" content=\"2025-09-05T11:59:51+00:00\" \/>\n<meta property=\"og:image\" content=\"https:\/\/teczone.es\/wp-content\/uploads\/2025\/02\/placa-policarbonato.png\" \/>\n\t<meta property=\"og:image:width\" content=\"460\" \/>\n\t<meta property=\"og:image:height\" content=\"320\" \/>\n\t<meta property=\"og:image:type\" content=\"image\/png\" \/>\n<meta name=\"twitter:card\" content=\"summary_large_image\" \/>\n<meta name=\"twitter:label1\" content=\"Dur\u00e9e de lecture estim\u00e9e\" \/>\n\t<meta name=\"twitter:data1\" content=\"1 minute\" \/>\n<script type=\"application\/ld+json\" class=\"yoast-schema-graph\">{\"@context\":\"https:\\\/\\\/schema.org\",\"@graph\":[{\"@type\":\"WebPage\",\"@id\":\"https:\\\/\\\/teczone.es\\\/fr\\\/produit\\\/plaque-en-polycarbonate\\\/\",\"url\":\"https:\\\/\\\/teczone.es\\\/fr\\\/produit\\\/plaque-en-polycarbonate\\\/\",\"name\":\"Plaque en Polycarbonate - Teczone\",\"isPartOf\":{\"@id\":\"https:\\\/\\\/teczone.es\\\/fr\\\/#website\"},\"primaryImageOfPage\":{\"@id\":\"https:\\\/\\\/teczone.es\\\/fr\\\/produit\\\/plaque-en-polycarbonate\\\/#primaryimage\"},\"image\":{\"@id\":\"https:\\\/\\\/teczone.es\\\/fr\\\/produit\\\/plaque-en-polycarbonate\\\/#primaryimage\"},\"thumbnailUrl\":\"https:\\\/\\\/teczone.es\\\/wp-content\\\/uploads\\\/2025\\\/02\\\/placa-policarbonato.png\",\"datePublished\":\"2025-07-14T08:12:00+00:00\",\"dateModified\":\"2025-09-05T11:59:51+00:00\",\"breadcrumb\":{\"@id\":\"https:\\\/\\\/teczone.es\\\/fr\\\/produit\\\/plaque-en-polycarbonate\\\/#breadcrumb\"},\"inLanguage\":\"fr-FR\",\"potentialAction\":[{\"@type\":\"ReadAction\",\"target\":[\"https:\\\/\\\/teczone.es\\\/fr\\\/produit\\\/plaque-en-polycarbonate\\\/\"]}]},{\"@type\":\"ImageObject\",\"inLanguage\":\"fr-FR\",\"@id\":\"https:\\\/\\\/teczone.es\\\/fr\\\/produit\\\/plaque-en-polycarbonate\\\/#primaryimage\",\"url\":\"https:\\\/\\\/teczone.es\\\/wp-content\\\/uploads\\\/2025\\\/02\\\/placa-policarbonato.png\",\"contentUrl\":\"https:\\\/\\\/teczone.es\\\/wp-content\\\/uploads\\\/2025\\\/02\\\/placa-policarbonato.png\",\"width\":460,\"height\":320},{\"@type\":\"BreadcrumbList\",\"@id\":\"https:\\\/\\\/teczone.es\\\/fr\\\/produit\\\/plaque-en-polycarbonate\\\/#breadcrumb\",\"itemListElement\":[{\"@type\":\"ListItem\",\"position\":1,\"name\":\"Home\",\"item\":\"https:\\\/\\\/teczone.es\\\/fr\\\/\"},{\"@type\":\"ListItem\",\"position\":2,\"name\":\"Productos\",\"item\":\"https:\\\/\\\/teczone.es\\\/fr\\\/produit\\\/\"},{\"@type\":\"ListItem\",\"position\":3,\"name\":\"\u00c9clairage naturel\",\"item\":\"https:\\\/\\\/teczone.es\\\/fr\\\/categorie-produit\\\/eclairage-naturel\\\/\"},{\"@type\":\"ListItem\",\"position\":4,\"name\":\"Plaque en Polycarbonate\"}]},{\"@type\":\"WebSite\",\"@id\":\"https:\\\/\\\/teczone.es\\\/fr\\\/#website\",\"url\":\"https:\\\/\\\/teczone.es\\\/fr\\\/\",\"name\":\"Huurre\",\"description\":\"Fabricamos paneles para fachadas sostenibles para la construcci\u00f3n\",\"publisher\":{\"@id\":\"https:\\\/\\\/teczone.es\\\/fr\\\/#organization\"},\"potentialAction\":[{\"@type\":\"SearchAction\",\"target\":{\"@type\":\"EntryPoint\",\"urlTemplate\":\"https:\\\/\\\/teczone.es\\\/fr\\\/?s={search_term_string}\"},\"query-input\":{\"@type\":\"PropertyValueSpecification\",\"valueRequired\":true,\"valueName\":\"search_term_string\"}}],\"inLanguage\":\"fr-FR\"},{\"@type\":\"Organization\",\"@id\":\"https:\\\/\\\/teczone.es\\\/fr\\\/#organization\",\"name\":\"Huurre\",\"url\":\"https:\\\/\\\/teczone.es\\\/fr\\\/\",\"logo\":{\"@type\":\"ImageObject\",\"inLanguage\":\"fr-FR\",\"@id\":\"https:\\\/\\\/teczone.es\\\/fr\\\/#\\\/schema\\\/logo\\\/image\\\/\",\"url\":\"https:\\\/\\\/teczone.es\\\/wp-content\\\/uploads\\\/2024\\\/12\\\/logotipo_huurre.png\",\"contentUrl\":\"https:\\\/\\\/teczone.es\\\/wp-content\\\/uploads\\\/2024\\\/12\\\/logotipo_huurre.png\",\"width\":455,\"height\":151,\"caption\":\"Huurre\"},\"image\":{\"@id\":\"https:\\\/\\\/teczone.es\\\/fr\\\/#\\\/schema\\\/logo\\\/image\\\/\"}}]}<\/script>\n<!-- \/ Yoast SEO plugin. -->","yoast_head_json":{"title":"Plaque en Polycarbonate - Teczone","robots":{"index":"index","follow":"follow","max-snippet":"max-snippet:-1","max-image-preview":"max-image-preview:large","max-video-preview":"max-video-preview:-1"},"canonical":"https:\/\/teczone.es\/fr\/produit\/plaque-en-polycarbonate\/","og_locale":"fr_FR","og_type":"article","og_title":"Plaque en Polycarbonate - Teczone","og_description":"Description et Applications Plaque translucide compos\u00e9e de polycarbonatecompact. Elle incorpore un film haute protection contreles rayons UV, elle est dot\u00e9e d\u2019une grande r\u00e9sistance \u00e0l\u2019impact et une durabilit\u00e9 elev\u00e9e. D\u00e9clin\u00e9e en transparentet en blanc opale. \u00c9clairage naturel en bardages m\u00e9talliques de couvertureou de fa\u00e7ade pour construction industrielle, commercialeou installations sportives. Plaques con\u00e7ues pour \u00eatre int\u00e9gr\u00e9es dans [&hellip;]","og_url":"https:\/\/teczone.es\/fr\/produit\/plaque-en-polycarbonate\/","og_site_name":"Teczone","article_modified_time":"2025-09-05T11:59:51+00:00","og_image":[{"width":460,"height":320,"url":"https:\/\/teczone.es\/wp-content\/uploads\/2025\/02\/placa-policarbonato.png","type":"image\/png"}],"twitter_card":"summary_large_image","twitter_misc":{"Dur\u00e9e de lecture estim\u00e9e":"1 minute"},"schema":{"@context":"https:\/\/schema.org","@graph":[{"@type":"WebPage","@id":"https:\/\/teczone.es\/fr\/produit\/plaque-en-polycarbonate\/","url":"https:\/\/teczone.es\/fr\/produit\/plaque-en-polycarbonate\/","name":"Plaque en Polycarbonate - Teczone","isPartOf":{"@id":"https:\/\/teczone.es\/fr\/#website"},"primaryImageOfPage":{"@id":"https:\/\/teczone.es\/fr\/produit\/plaque-en-polycarbonate\/#primaryimage"},"image":{"@id":"https:\/\/teczone.es\/fr\/produit\/plaque-en-polycarbonate\/#primaryimage"},"thumbnailUrl":"https:\/\/teczone.es\/wp-content\/uploads\/2025\/02\/placa-policarbonato.png","datePublished":"2025-07-14T08:12:00+00:00","dateModified":"2025-09-05T11:59:51+00:00","breadcrumb":{"@id":"https:\/\/teczone.es\/fr\/produit\/plaque-en-polycarbonate\/#breadcrumb"},"inLanguage":"fr-FR","potentialAction":[{"@type":"ReadAction","target":["https:\/\/teczone.es\/fr\/produit\/plaque-en-polycarbonate\/"]}]},{"@type":"ImageObject","inLanguage":"fr-FR","@id":"https:\/\/teczone.es\/fr\/produit\/plaque-en-polycarbonate\/#primaryimage","url":"https:\/\/teczone.es\/wp-content\/uploads\/2025\/02\/placa-policarbonato.png","contentUrl":"https:\/\/teczone.es\/wp-content\/uploads\/2025\/02\/placa-policarbonato.png","width":460,"height":320},{"@type":"BreadcrumbList","@id":"https:\/\/teczone.es\/fr\/produit\/plaque-en-polycarbonate\/#breadcrumb","itemListElement":[{"@type":"ListItem","position":1,"name":"Home","item":"https:\/\/teczone.es\/fr\/"},{"@type":"ListItem","position":2,"name":"Productos","item":"https:\/\/teczone.es\/fr\/produit\/"},{"@type":"ListItem","position":3,"name":"\u00c9clairage naturel","item":"https:\/\/teczone.es\/fr\/categorie-produit\/eclairage-naturel\/"},{"@type":"ListItem","position":4,"name":"Plaque en Polycarbonate"}]},{"@type":"WebSite","@id":"https:\/\/teczone.es\/fr\/#website","url":"https:\/\/teczone.es\/fr\/","name":"Huurre","description":"Fabricamos paneles para fachadas sostenibles para la construcci\u00f3n","publisher":{"@id":"https:\/\/teczone.es\/fr\/#organization"},"potentialAction":[{"@type":"SearchAction","target":{"@type":"EntryPoint","urlTemplate":"https:\/\/teczone.es\/fr\/?s={search_term_string}"},"query-input":{"@type":"PropertyValueSpecification","valueRequired":true,"valueName":"search_term_string"}}],"inLanguage":"fr-FR"},{"@type":"Organization","@id":"https:\/\/teczone.es\/fr\/#organization","name":"Huurre","url":"https:\/\/teczone.es\/fr\/","logo":{"@type":"ImageObject","inLanguage":"fr-FR","@id":"https:\/\/teczone.es\/fr\/#\/schema\/logo\/image\/","url":"https:\/\/teczone.es\/wp-content\/uploads\/2024\/12\/logotipo_huurre.png","contentUrl":"https:\/\/teczone.es\/wp-content\/uploads\/2024\/12\/logotipo_huurre.png","width":455,"height":151,"caption":"Huurre"},"image":{"@id":"https:\/\/teczone.es\/fr\/#\/schema\/logo\/image\/"}}]}},"_links":{"self":[{"href":"https:\/\/teczone.es\/fr\/wp-json\/wp\/v2\/producto\/18238","targetHints":{"allow":["GET"]}}],"collection":[{"href":"https:\/\/teczone.es\/fr\/wp-json\/wp\/v2\/producto"}],"about":[{"href":"https:\/\/teczone.es\/fr\/wp-json\/wp\/v2\/types\/producto"}],"version-history":[{"count":13,"href":"https:\/\/teczone.es\/fr\/wp-json\/wp\/v2\/producto\/18238\/revisions"}],"predecessor-version":[{"id":28852,"href":"https:\/\/teczone.es\/fr\/wp-json\/wp\/v2\/producto\/18238\/revisions\/28852"}],"wp:featuredmedia":[{"embeddable":true,"href":"https:\/\/teczone.es\/fr\/wp-json\/wp\/v2\/media\/16824"}],"wp:attachment":[{"href":"https:\/\/teczone.es\/fr\/wp-json\/wp\/v2\/media?parent=18238"}],"wp:term":[{"taxonomy":"categoria-producto","embeddable":true,"href":"https:\/\/teczone.es\/fr\/wp-json\/wp\/v2\/categoria-producto?post=18238"}],"curies":[{"name":"wp","href":"https:\/\/api.w.org\/{rel}","templated":true}]}}